{"id":17087,"date":"2025-11-14T13:17:56","date_gmt":"2025-11-14T12:17:56","guid":{"rendered":"https:\/\/www.osezmauges.fr\/evenements-pro\/?page_id=17087"},"modified":"2025-11-14T13:20:27","modified_gmt":"2025-11-14T12:20:27","slug":"le-regal-objets-en-bois-personnalisables","status":"publish","type":"page","link":"https:\/\/www.osezmauges.fr\/evenements-pro\/cadeaux-entreprises\/cadeaux-personnalises-entreprise\/le-regal-objets-en-bois-personnalisables\/","title":{"rendered":"Des objets en bois durables et personnalis\u00e9s avec Le R\u00e9gal"},"content":{"rendered":"\n<div class=\"wp-block-columns is-layout-flex wp-container-core-columns-is-layout-9d6595d7 wp-block-columns-is-layout-flex\">\n<div class=\"wp-block-column is-layout-flow wp-block-column-is-layout-flow\">\n<p class=\"is-style-excerpt\">Le R\u00e9gal d\u00e9veloppe une ligne d&rsquo;objets durables pour la cuisine et l&rsquo;art de la table, beaux et utiles, porteurs de valeurs et de sens. Tous les produits Le R\u00e9gal sont fabriqu\u00e9s en Pays de la Loire \u00e0 partir de bois noble et massif 100% fran\u00e7ais.<\/p>\n<\/div>\n\n\n\n<div class=\"wp-block-column is-layout-flow wp-block-column-is-layout-flow\"><div class=\"wp-block wp-block-highlight\">\n                <p class=\"wp-block-highlight-item wp-block-highlight-excerpt\">Rue du Lieutenant Bouvier<br>Torfou<br>49660 SEVREMOINE<br><br><strong>Contact : Charlotte TCHA-BRUNELLIERE<\/strong><br>02 41 46 60 67<br>contact@le-regal.eu <br><a href=\"https:\/\/www.le-regal.eu\/\" target=\"_blank\" rel=\"noreferrer noopener\">Site web<\/a><\/p>\n    <\/div><\/div>\n<\/div>\n\n\n\n<figure class=\"wp-block-gallery columns-2 is-cropped wp-block-gallery-1 is-layout-flex wp-block-gallery-is-layout-flex\"><ul class=\"blocks-gallery-grid\"><li class=\"blocks-gallery-item\"><figure><img width=\"799\" height=\"1200\" data-src=\"https:\/\/www.osezmauges.fr\/evenements-pro\/wp-content\/uploads\/sites\/2\/2025\/11\/Planche-a-80-E-TTC.jpg\" alt=\"\" data-id=\"17089\" data-full-url=\"https:\/\/www.osezmauges.fr\/evenements-pro\/wp-content\/uploads\/sites\/2\/2025\/11\/Planche-a-80-E-TTC.jpg\" data-link=\"https:\/\/www.osezmauges.fr\/evenements-pro\/planche-a-80-e-ttc\/\" class=\"wp-image-17089\" srcset=\"https:\/\/www.osezmauges.fr\/evenements-pro\/wp-content\/uploads\/sites\/2\/2025\/11\/Planche-a-80-E-TTC.jpg 799w, https:\/\/www.osezmauges.fr\/evenements-pro\/wp-content\/uploads\/sites\/2\/2025\/11\/Planche-a-80-E-TTC-400x600.jpg 400w, https:\/\/www.osezmauges.fr\/evenements-pro\/wp-content\/uploads\/sites\/2\/2025\/11\/Planche-a-80-E-TTC-300x451.jpg 300w, https:\/\/www.osezmauges.fr\/evenements-pro\/wp-content\/uploads\/sites\/2\/2025\/11\/Planche-a-80-E-TTC-599x900.jpg 599w, https:\/\/www.osezmauges.fr\/evenements-pro\/wp-content\/uploads\/sites\/2\/2025\/11\/Planche-a-80-E-TTC-650x976.jpg 650w\" sizes=\"(max-width: 799px) 100vw, 799px\" \/><\/figure><\/li><li class=\"blocks-gallery-item\"><figure><img width=\"512\" height=\"768\" data-src=\"https:\/\/www.osezmauges.fr\/evenements-pro\/wp-content\/uploads\/sites\/2\/2025\/11\/aperitif-dinatoire.jpg\" alt=\"\" data-id=\"17088\" data-full-url=\"https:\/\/www.osezmauges.fr\/evenements-pro\/wp-content\/uploads\/sites\/2\/2025\/11\/aperitif-dinatoire.jpg\" data-link=\"https:\/\/www.osezmauges.fr\/evenements-pro\/aperitif-dinatoire\/\" class=\"wp-image-17088\" srcset=\"https:\/\/www.osezmauges.fr\/evenements-pro\/wp-content\/uploads\/sites\/2\/2025\/11\/aperitif-dinatoire.jpg 512w, https:\/\/www.osezmauges.fr\/evenements-pro\/wp-content\/uploads\/sites\/2\/2025\/11\/aperitif-dinatoire-400x600.jpg 400w, https:\/\/www.osezmauges.fr\/evenements-pro\/wp-content\/uploads\/sites\/2\/2025\/11\/aperitif-dinatoire-300x450.jpg 300w\" sizes=\"(max-width: 512px) 100vw, 512px\" \/><\/figure><\/li><\/ul><figcaption class=\"blocks-gallery-caption\">Planches en bois \u00a9 Le R\u00e9gal<\/figcaption><\/figure>\n\n\n\n<h2 class=\"wp-block-heading\">Produit propos\u00e9 \u00e0 la vente :<\/h2>\n\n\n\n<ul class=\"wp-block-list\"><li><strong>PLANCHE EN BOIS<\/strong> : planche de ch\u00eane, fr\u00eane et fr\u00eane thermo-chauff\u00e9 fran\u00e7ais au design unique et respectueux de l&rsquo;environnement pour partager des moments conviviaux de gourmandise : <strong>51,28 \u20ac HT<\/strong><\/li><\/ul>\n\n\n\n<h3 class=\"wp-block-heading\">Personnalisation :<\/h3>\n\n\n\n<p>Les planches en bois issus des for\u00eats fran\u00e7aises font entre 20 et 80 cm.  Elles peuvent \u00eatre personnalis\u00e9es , grav\u00e9es au nom de votre entreprise, avec votre logo,  un slogan ou bien d&rsquo;autres id\u00e9es\u2026<\/p>\n\n\n\n<figure class=\"wp-block-gallery alignwide columns-2 is-cropped wp-block-gallery-2 is-layout-flex wp-block-gallery-is-layout-flex\"><ul class=\"blocks-gallery-grid\"><li class=\"blocks-gallery-item\"><figure><img width=\"1200\" height=\"801\" data-src=\"https:\/\/www.osezmauges.fr\/evenements-pro\/wp-content\/uploads\/sites\/2\/2025\/11\/presentation-plat-soignee-1200x801.jpg\" alt=\"\" data-id=\"17091\" data-full-url=\"https:\/\/www.osezmauges.fr\/evenements-pro\/wp-content\/uploads\/sites\/2\/2025\/11\/presentation-plat-soignee.jpg\" data-link=\"https:\/\/www.osezmauges.fr\/evenements-pro\/presentation-plat-soignee\/\" class=\"wp-image-17091\" srcset=\"https:\/\/www.osezmauges.fr\/evenements-pro\/wp-content\/uploads\/sites\/2\/2025\/11\/presentation-plat-soignee-1200x801.jpg 1200w, https:\/\/www.osezmauges.fr\/evenements-pro\/wp-content\/uploads\/sites\/2\/2025\/11\/presentation-plat-soignee-600x401.jpg 600w, https:\/\/www.osezmauges.fr\/evenements-pro\/wp-content\/uploads\/sites\/2\/2025\/11\/presentation-plat-soignee-300x200.jpg 300w, https:\/\/www.osezmauges.fr\/evenements-pro\/wp-content\/uploads\/sites\/2\/2025\/11\/presentation-plat-soignee-900x601.jpg 900w, https:\/\/www.osezmauges.fr\/evenements-pro\/wp-content\/uploads\/sites\/2\/2025\/11\/presentation-plat-soignee-1536x1025.jpg 1536w, https:\/\/www.osezmauges.fr\/evenements-pro\/wp-content\/uploads\/sites\/2\/2025\/11\/presentation-plat-soignee-650x434.jpg 650w, https:\/\/www.osezmauges.fr\/evenements-pro\/wp-content\/uploads\/sites\/2\/2025\/11\/presentation-plat-soignee.jpg 1600w\" sizes=\"(max-width: 1200px) 100vw, 1200px\" \/><\/figure><\/li><li class=\"blocks-gallery-item\"><figure><img width=\"1200\" height=\"801\" data-src=\"https:\/\/www.osezmauges.fr\/evenements-pro\/wp-content\/uploads\/sites\/2\/2025\/11\/arts-de-la-table-design-1200x801.jpg\" alt=\"\" data-id=\"17090\" data-full-url=\"https:\/\/www.osezmauges.fr\/evenements-pro\/wp-content\/uploads\/sites\/2\/2025\/11\/arts-de-la-table-design.jpg\" data-link=\"https:\/\/www.osezmauges.fr\/evenements-pro\/arts-de-la-table-design\/\" class=\"wp-image-17090\" srcset=\"https:\/\/www.osezmauges.fr\/evenements-pro\/wp-content\/uploads\/sites\/2\/2025\/11\/arts-de-la-table-design-1200x801.jpg 1200w, https:\/\/www.osezmauges.fr\/evenements-pro\/wp-content\/uploads\/sites\/2\/2025\/11\/arts-de-la-table-design-600x401.jpg 600w, https:\/\/www.osezmauges.fr\/evenements-pro\/wp-content\/uploads\/sites\/2\/2025\/11\/arts-de-la-table-design-300x200.jpg 300w, https:\/\/www.osezmauges.fr\/evenements-pro\/wp-content\/uploads\/sites\/2\/2025\/11\/arts-de-la-table-design-900x601.jpg 900w, https:\/\/www.osezmauges.fr\/evenements-pro\/wp-content\/uploads\/sites\/2\/2025\/11\/arts-de-la-table-design-1536x1025.jpg 1536w, https:\/\/www.osezmauges.fr\/evenements-pro\/wp-content\/uploads\/sites\/2\/2025\/11\/arts-de-la-table-design-650x434.jpg 650w, https:\/\/www.osezmauges.fr\/evenements-pro\/wp-content\/uploads\/sites\/2\/2025\/11\/arts-de-la-table-design.jpg 1600w\" sizes=\"(max-width: 1200px) 100vw, 1200px\" \/><\/figure><\/li><\/ul><figcaption class=\"blocks-gallery-caption\">Planches en bois \u00a9 Le R\u00e9gal<\/figcaption><\/figure>\n\n\n\n<div class=\"wp-block wp-block-related-post clear alignfull\">\n    <div class=\"container\">\n\n        <div class=\"article\">\n\t\t                    <h2 class=\"wp-block-related-post-title\">Vous aimerez aussi <\/h2>\n\t\t    \n\t\t            <\/div>\n\n\t                <div class=\"article\">\n        \n            <div class=\"wp-block-related-post-inner\">\n                <div   data-slides-per-view=\"4\">\n                    <div class=\"wp-block-related-post-list wp-block-related-post-list-2\">\n\t\t\t\t\t    \n<div class=\"entityItem\"      data-trigger=\"wpiris-click\">\n    <p class=\"entityItemThumbnail\">\n        <a href=\"https:\/\/www.osezmauges.fr\/evenements-pro\/cadeaux-entreprises\/les-cheques-kdomauges\/\" nofancybox>\n            <img src=\n            \"https:\/\/www.osezmauges.fr\/evenements-pro\/wp-content\/uploads\/sites\/2\/2021\/10\/1-cheques-kdo-osezmauges-anjou-\u00a9MB-1-380x430.jpg\" alt=\"4 bonnes raisons d\u2019offrir des ch\u00e8ques KD\u00f4Mauges \u00e0 vos salari\u00e9s\">\n        <\/a>\n    <\/p>\n        <div class=\"entityItemContent\">\n        \n        \n        <h3 class=\"entityItemContentTitle\">        <a href=\"https:\/\/www.osezmauges.fr\/evenements-pro\/cadeaux-entreprises\/les-cheques-kdomauges\/\">4 bonnes raisons d\u2019offrir des ch\u00e8ques KD\u00f4Mauges \u00e0 vos salari\u00e9s<\/a>\n        <\/h3>\n            <\/div>\n\n    \n    <\/div>\n\n<div class=\"entityItem\"      data-trigger=\"wpiris-click\">\n    <p class=\"entityItemThumbnail\">\n        <a href=\"https:\/\/www.osezmauges.fr\/evenements-pro\/billetterie-ce\/\" nofancybox>\n            <img src=\n            \"https:\/\/www.osezmauges.fr\/evenements-pro\/wp-content\/uploads\/sites\/2\/2021\/10\/1-billetterie-ce-entreprise-bateau-ligeriade-montjean-loire-anjou-\u00a9D.Drouet-380x430.jpg\" alt=\"Billetterie CE : activit\u00e9s nature et culturelles \u00e0 tarif pr\u00e9f\u00e9rentiel\">\n        <\/a>\n    <\/p>\n        <div class=\"entityItemContent\">\n        \n        \n        <h3 class=\"entityItemContentTitle\">        <a href=\"https:\/\/www.osezmauges.fr\/evenements-pro\/billetterie-ce\/\">Billetterie CE : activit\u00e9s nature et culturelles \u00e0 tarif pr\u00e9f\u00e9rentiel<\/a>\n        <\/h3>\n            <\/div>\n\n    \n    <\/div>\n                    <\/div>\n                <\/div>\n            <\/div>\n\n                    <\/div>\n        \n    <\/div>\n<\/div>","protected":false},"excerpt":{"rendered":"<p>Le R\u00e9gal d\u00e9veloppe une ligne d&rsquo;objets durables pour la cuisine et l&rsquo;art de la table, beaux et utiles, porteurs de valeurs et de sens. Tous les produits Le R\u00e9gal sont fabriqu\u00e9s en Pays de la Loire \u00e0 partir de bois noble et massif 100% fran\u00e7ais. Produit propos\u00e9 \u00e0 la vente : PLANCHE EN BOIS : [&hellip;]<\/p>\n","protected":false},"author":12,"featured_media":17092,"parent":12209,"menu_order":2,"comment_status":"closed","ping_status":"closed","template":"","meta":{"_relevanssi_hide_post":"","_relevanssi_hide_content":"","_relevanssi_pin_for_all":"","_relevanssi_pin_keywords":"","_relevanssi_unpin_keywords":"","_relevanssi_related_keywords":"","_relevanssi_related_include_ids":"","_relevanssi_related_exclude_ids":"","_relevanssi_related_no_append":"","_relevanssi_related_not_related":"","_relevanssi_related_posts":"10100,11525,10048,7947,7053,12005","_relevanssi_noindex_reason":"","footnotes":""},"class_list":["post-17087","page","type-page","status-publish","has-post-thumbnail","hentry"],"acf":[],"yoast_head":"<!-- This site is optimized with the Yoast SEO plugin v26.9 - https:\/\/yoast.com\/product\/yoast-seo-wordpress\/ -->\n<title>Des objets en bois personnalisables avec Le R\u00e9gal - \u00d4sez Mauges<\/title>\n<meta name=\"description\" content=\"Le R\u00e9gal d\u00e9veloppe une ligne d&#039;objets durables pour la cuisine fabriqu\u00e9s en Pays de la Loire \u00e0 partir de bois noble et massif 100% fran\u00e7ais.\" \/>\n<meta name=\"robots\" content=\"index, follow, max-snippet:-1, max-image-preview:large, max-video-preview:-1\" \/>\n<link rel=\"canonical\" href=\"https:\/\/www.osezmauges.fr\/evenements-pro\/cadeaux-entreprises\/cadeaux-personnalises-entreprise\/le-regal-objets-en-bois-personnalisables\/\" \/>\n<meta property=\"og:locale\" content=\"fr_FR\" \/>\n<meta property=\"og:type\" content=\"article\" \/>\n<meta property=\"og:title\" content=\"Des objets en bois personnalisables avec Le R\u00e9gal - \u00d4sez Mauges\" \/>\n<meta property=\"og:description\" content=\"Le R\u00e9gal d\u00e9veloppe une ligne d&#039;objets durables pour la cuisine fabriqu\u00e9s en Pays de la Loire \u00e0 partir de bois noble et massif 100% fran\u00e7ais.\" \/>\n<meta property=\"og:url\" content=\"https:\/\/www.osezmauges.fr\/evenements-pro\/cadeaux-entreprises\/cadeaux-personnalises-entreprise\/le-regal-objets-en-bois-personnalisables\/\" \/>\n<meta property=\"og:site_name\" content=\"Osez Mauges - Tourisme d&#039;affaire\" \/>\n<meta property=\"article:modified_time\" content=\"2025-11-14T12:20:27+00:00\" \/>\n<meta property=\"og:image\" content=\"https:\/\/www.osezmauges.fr\/evenements-pro\/wp-content\/uploads\/sites\/2\/2025\/11\/DSC_0701.jpg\" \/>\n\t<meta property=\"og:image:width\" content=\"1200\" \/>\n\t<meta property=\"og:image:height\" content=\"779\" \/>\n\t<meta property=\"og:image:type\" content=\"image\/jpeg\" \/>\n<meta name=\"twitter:card\" content=\"summary_large_image\" \/>\n<meta name=\"twitter:label1\" content=\"Dur\u00e9e de lecture estim\u00e9e\" \/>\n\t<meta name=\"twitter:data1\" content=\"2 minutes\" \/>\n<script type=\"application\/ld+json\" class=\"yoast-schema-graph\">{\"@context\":\"https:\/\/schema.org\",\"@graph\":[{\"@type\":\"WebPage\",\"@id\":\"https:\/\/www.osezmauges.fr\/evenements-pro\/cadeaux-entreprises\/cadeaux-personnalises-entreprise\/le-regal-objets-en-bois-personnalisables\/\",\"url\":\"https:\/\/www.osezmauges.fr\/evenements-pro\/cadeaux-entreprises\/cadeaux-personnalises-entreprise\/le-regal-objets-en-bois-personnalisables\/\",\"name\":\"Des objets en bois personnalisables avec Le R\u00e9gal - \u00d4sez Mauges\",\"isPartOf\":{\"@id\":\"https:\/\/www.osezmauges.fr\/evenements-pro\/#website\"},\"primaryImageOfPage\":{\"@id\":\"https:\/\/www.osezmauges.fr\/evenements-pro\/cadeaux-entreprises\/cadeaux-personnalises-entreprise\/le-regal-objets-en-bois-personnalisables\/#primaryimage\"},\"image\":{\"@id\":\"https:\/\/www.osezmauges.fr\/evenements-pro\/cadeaux-entreprises\/cadeaux-personnalises-entreprise\/le-regal-objets-en-bois-personnalisables\/#primaryimage\"},\"thumbnailUrl\":\"https:\/\/www.osezmauges.fr\/evenements-pro\/wp-content\/uploads\/sites\/2\/2025\/11\/DSC_0701.jpg\",\"datePublished\":\"2025-11-14T12:17:56+00:00\",\"dateModified\":\"2025-11-14T12:20:27+00:00\",\"description\":\"Le R\u00e9gal d\u00e9veloppe une ligne d'objets durables pour la cuisine fabriqu\u00e9s en Pays de la Loire \u00e0 partir de bois noble et massif 100% fran\u00e7ais.\",\"breadcrumb\":{\"@id\":\"https:\/\/www.osezmauges.fr\/evenements-pro\/cadeaux-entreprises\/cadeaux-personnalises-entreprise\/le-regal-objets-en-bois-personnalisables\/#breadcrumb\"},\"inLanguage\":\"fr-FR\",\"potentialAction\":[{\"@type\":\"ReadAction\",\"target\":[\"https:\/\/www.osezmauges.fr\/evenements-pro\/cadeaux-entreprises\/cadeaux-personnalises-entreprise\/le-regal-objets-en-bois-personnalisables\/\"]}]},{\"@type\":\"ImageObject\",\"inLanguage\":\"fr-FR\",\"@id\":\"https:\/\/www.osezmauges.fr\/evenements-pro\/cadeaux-entreprises\/cadeaux-personnalises-entreprise\/le-regal-objets-en-bois-personnalisables\/#primaryimage\",\"url\":\"https:\/\/www.osezmauges.fr\/evenements-pro\/wp-content\/uploads\/sites\/2\/2025\/11\/DSC_0701.jpg\",\"contentUrl\":\"https:\/\/www.osezmauges.fr\/evenements-pro\/wp-content\/uploads\/sites\/2\/2025\/11\/DSC_0701.jpg\",\"width\":1200,\"height\":779},{\"@type\":\"BreadcrumbList\",\"@id\":\"https:\/\/www.osezmauges.fr\/evenements-pro\/cadeaux-entreprises\/cadeaux-personnalises-entreprise\/le-regal-objets-en-bois-personnalisables\/#breadcrumb\",\"itemListElement\":[{\"@type\":\"ListItem\",\"position\":1,\"name\":\"Accueil\",\"item\":\"https:\/\/www.osezmauges.fr\/evenements-pro\/\"},{\"@type\":\"ListItem\",\"position\":2,\"name\":\"Les cadeaux d&rsquo;entreprises\",\"item\":\"https:\/\/www.osezmauges.fr\/evenements-pro\/cadeaux-entreprises\/\"},{\"@type\":\"ListItem\",\"position\":3,\"name\":\"Un cadeau personnalis\u00e9 pour vos salari\u00e9s !\",\"item\":\"https:\/\/www.osezmauges.fr\/evenements-pro\/cadeaux-entreprises\/cadeaux-personnalises-entreprise\/\"},{\"@type\":\"ListItem\",\"position\":4,\"name\":\"Des objets en bois durables et personnalis\u00e9s avec Le R\u00e9gal\"}]},{\"@type\":\"WebSite\",\"@id\":\"https:\/\/www.osezmauges.fr\/evenements-pro\/#website\",\"url\":\"https:\/\/www.osezmauges.fr\/evenements-pro\/\",\"name\":\"Osez Mauges - Tourisme d&#039;affaire\",\"description\":\"\u00d4sez Mauges\",\"potentialAction\":[{\"@type\":\"SearchAction\",\"target\":{\"@type\":\"EntryPoint\",\"urlTemplate\":\"https:\/\/www.osezmauges.fr\/evenements-pro\/?s={search_term_string}\"},\"query-input\":{\"@type\":\"PropertyValueSpecification\",\"valueRequired\":true,\"valueName\":\"search_term_string\"}}],\"inLanguage\":\"fr-FR\"}]}<\/script>\n<!-- \/ Yoast SEO plugin. -->","yoast_head_json":{"title":"Des objets en bois personnalisables avec Le R\u00e9gal - \u00d4sez Mauges","description":"Le R\u00e9gal d\u00e9veloppe une ligne d'objets durables pour la cuisine fabriqu\u00e9s en Pays de la Loire \u00e0 partir de bois noble et massif 100% fran\u00e7ais.","robots":{"index":"index","follow":"follow","max-snippet":"max-snippet:-1","max-image-preview":"max-image-preview:large","max-video-preview":"max-video-preview:-1"},"canonical":"https:\/\/www.osezmauges.fr\/evenements-pro\/cadeaux-entreprises\/cadeaux-personnalises-entreprise\/le-regal-objets-en-bois-personnalisables\/","og_locale":"fr_FR","og_type":"article","og_title":"Des objets en bois personnalisables avec Le R\u00e9gal - \u00d4sez Mauges","og_description":"Le R\u00e9gal d\u00e9veloppe une ligne d'objets durables pour la cuisine fabriqu\u00e9s en Pays de la Loire \u00e0 partir de bois noble et massif 100% fran\u00e7ais.","og_url":"https:\/\/www.osezmauges.fr\/evenements-pro\/cadeaux-entreprises\/cadeaux-personnalises-entreprise\/le-regal-objets-en-bois-personnalisables\/","og_site_name":"Osez Mauges - Tourisme d&#039;affaire","article_modified_time":"2025-11-14T12:20:27+00:00","og_image":[{"width":1200,"height":779,"url":"https:\/\/www.osezmauges.fr\/evenements-pro\/wp-content\/uploads\/sites\/2\/2025\/11\/DSC_0701.jpg","type":"image\/jpeg"}],"twitter_card":"summary_large_image","twitter_misc":{"Dur\u00e9e de lecture estim\u00e9e":"2 minutes"},"schema":{"@context":"https:\/\/schema.org","@graph":[{"@type":"WebPage","@id":"https:\/\/www.osezmauges.fr\/evenements-pro\/cadeaux-entreprises\/cadeaux-personnalises-entreprise\/le-regal-objets-en-bois-personnalisables\/","url":"https:\/\/www.osezmauges.fr\/evenements-pro\/cadeaux-entreprises\/cadeaux-personnalises-entreprise\/le-regal-objets-en-bois-personnalisables\/","name":"Des objets en bois personnalisables avec Le R\u00e9gal - \u00d4sez Mauges","isPartOf":{"@id":"https:\/\/www.osezmauges.fr\/evenements-pro\/#website"},"primaryImageOfPage":{"@id":"https:\/\/www.osezmauges.fr\/evenements-pro\/cadeaux-entreprises\/cadeaux-personnalises-entreprise\/le-regal-objets-en-bois-personnalisables\/#primaryimage"},"image":{"@id":"https:\/\/www.osezmauges.fr\/evenements-pro\/cadeaux-entreprises\/cadeaux-personnalises-entreprise\/le-regal-objets-en-bois-personnalisables\/#primaryimage"},"thumbnailUrl":"https:\/\/www.osezmauges.fr\/evenements-pro\/wp-content\/uploads\/sites\/2\/2025\/11\/DSC_0701.jpg","datePublished":"2025-11-14T12:17:56+00:00","dateModified":"2025-11-14T12:20:27+00:00","description":"Le R\u00e9gal d\u00e9veloppe une ligne d'objets durables pour la cuisine fabriqu\u00e9s en Pays de la Loire \u00e0 partir de bois noble et massif 100% fran\u00e7ais.","breadcrumb":{"@id":"https:\/\/www.osezmauges.fr\/evenements-pro\/cadeaux-entreprises\/cadeaux-personnalises-entreprise\/le-regal-objets-en-bois-personnalisables\/#breadcrumb"},"inLanguage":"fr-FR","potentialAction":[{"@type":"ReadAction","target":["https:\/\/www.osezmauges.fr\/evenements-pro\/cadeaux-entreprises\/cadeaux-personnalises-entreprise\/le-regal-objets-en-bois-personnalisables\/"]}]},{"@type":"ImageObject","inLanguage":"fr-FR","@id":"https:\/\/www.osezmauges.fr\/evenements-pro\/cadeaux-entreprises\/cadeaux-personnalises-entreprise\/le-regal-objets-en-bois-personnalisables\/#primaryimage","url":"https:\/\/www.osezmauges.fr\/evenements-pro\/wp-content\/uploads\/sites\/2\/2025\/11\/DSC_0701.jpg","contentUrl":"https:\/\/www.osezmauges.fr\/evenements-pro\/wp-content\/uploads\/sites\/2\/2025\/11\/DSC_0701.jpg","width":1200,"height":779},{"@type":"BreadcrumbList","@id":"https:\/\/www.osezmauges.fr\/evenements-pro\/cadeaux-entreprises\/cadeaux-personnalises-entreprise\/le-regal-objets-en-bois-personnalisables\/#breadcrumb","itemListElement":[{"@type":"ListItem","position":1,"name":"Accueil","item":"https:\/\/www.osezmauges.fr\/evenements-pro\/"},{"@type":"ListItem","position":2,"name":"Les cadeaux d&rsquo;entreprises","item":"https:\/\/www.osezmauges.fr\/evenements-pro\/cadeaux-entreprises\/"},{"@type":"ListItem","position":3,"name":"Un cadeau personnalis\u00e9 pour vos salari\u00e9s !","item":"https:\/\/www.osezmauges.fr\/evenements-pro\/cadeaux-entreprises\/cadeaux-personnalises-entreprise\/"},{"@type":"ListItem","position":4,"name":"Des objets en bois durables et personnalis\u00e9s avec Le R\u00e9gal"}]},{"@type":"WebSite","@id":"https:\/\/www.osezmauges.fr\/evenements-pro\/#website","url":"https:\/\/www.osezmauges.fr\/evenements-pro\/","name":"Osez Mauges - Tourisme d&#039;affaire","description":"\u00d4sez Mauges","potentialAction":[{"@type":"SearchAction","target":{"@type":"EntryPoint","urlTemplate":"https:\/\/www.osezmauges.fr\/evenements-pro\/?s={search_term_string}"},"query-input":{"@type":"PropertyValueSpecification","valueRequired":true,"valueName":"search_term_string"}}],"inLanguage":"fr-FR"}]}},"_links":{"self":[{"href":"https:\/\/www.osezmauges.fr\/evenements-pro\/wp-json\/wp\/v2\/pages\/17087","targetHints":{"allow":["GET"]}}],"collection":[{"href":"https:\/\/www.osezmauges.fr\/evenements-pro\/wp-json\/wp\/v2\/pages"}],"about":[{"href":"https:\/\/www.osezmauges.fr\/evenements-pro\/wp-json\/wp\/v2\/types\/page"}],"author":[{"embeddable":true,"href":"https:\/\/www.osezmauges.fr\/evenements-pro\/wp-json\/wp\/v2\/users\/12"}],"replies":[{"embeddable":true,"href":"https:\/\/www.osezmauges.fr\/evenements-pro\/wp-json\/wp\/v2\/comments?post=17087"}],"version-history":[{"count":5,"href":"https:\/\/www.osezmauges.fr\/evenements-pro\/wp-json\/wp\/v2\/pages\/17087\/revisions"}],"predecessor-version":[{"id":17097,"href":"https:\/\/www.osezmauges.fr\/evenements-pro\/wp-json\/wp\/v2\/pages\/17087\/revisions\/17097"}],"up":[{"embeddable":true,"href":"https:\/\/www.osezmauges.fr\/evenements-pro\/wp-json\/wp\/v2\/pages\/12209"}],"wp:featuredmedia":[{"embeddable":true,"href":"https:\/\/www.osezmauges.fr\/evenements-pro\/wp-json\/wp\/v2\/media\/17092"}],"wp:attachment":[{"href":"https:\/\/www.osezmauges.fr\/evenements-pro\/wp-json\/wp\/v2\/media?parent=17087"}],"curies":[{"name":"wp","href":"https:\/\/api.w.org\/{rel}","templated":true}]}}